{"id":18,"date":"2020-04-04T09:15:13","date_gmt":"2020-04-04T09:15:13","guid":{"rendered":"http:\/\/home.nuebel-pr.de\/?page_id=18"},"modified":"2020-04-08T12:06:31","modified_gmt":"2020-04-08T12:06:31","slug":"impressum","status":"publish","type":"page","link":"https:\/\/home.nuebel-pr.de\/?page_id=18","title":{"rendered":"Impressum"},"content":{"rendered":"\n<p><strong>\u201eChristoph N\u00fcbel \u2013 PR und Redaktion\u201c<\/strong><br>\nChristoph N\u00fcbel \u2013 Freier PR-Berater und Online Redakteur<br>\nSchillerstra\u00dfe 94<br>\n76356 Weingarten<\/p>\n\n\n\n<p>Tel.: 07244-741467<br> Mobil: 0178-7668518<br> E-Mail: <a href=\"mailto:cnuebel@nuebel-pr.de\">cnuebel@nuebel-pr.de<\/a> <br> Internet: <a rel=\"noreferrer noopener\" href=\"http:\/\/www.nuebel-pr.de\/\" target=\"_blank\">http:\/\/www.nuebel-pr.de\/<\/a><\/p>\n\n\n\n<p><strong>Social Media Profile: <\/strong><br>\n<a href=\"https:\/\/www.xing.com\/profile\/Christoph_Nuebel?sc_o=mxb_p\" target=\"_blank\" rel=\"noreferrer noopener\">XING-Profil<\/a><br>\n<a href=\"https:\/\/www.facebook.com\/NuebelPR\/?ref=br_rs\" target=\"_blank\" rel=\"noreferrer noopener\">Facebook<\/a><br>\n<a href=\"https:\/\/twitter.com\/NuebelPR?lang=de\" target=\"_blank\" rel=\"noreferrer noopener\">Twitter<\/a><br>\n<a href=\"https:\/\/www.instagram.com\/chrisrookie\/\" target=\"_blank\" rel=\"noreferrer noopener\">Instagram<\/a><br>\n<a href=\"https:\/\/www.linkedin.com\/in\/christoph-n%C3%BCbel-a22629b\/\" target=\"_blank\" rel=\"noreferrer noopener\">LinkedIn<\/a><\/p>\n\n\n\n<p>Steuer-Nr.: 35130\/08994<br>\nUSt.-ID Nr.: DE268189137<\/p>\n\n\n\n<p>Website-Design \/ Technische Umsetzung: WordPress \/\nMAI-ITServices<\/p>\n\n\n\n<p>Haftungsausschluss \/ Disclaimer<\/p>\n\n\n\n<p><strong>1. Inhalt des Onlineangebotes<\/strong><\/p>\n\n\n\n<p>Der Autor \u00fcbernimmt keinerlei Gew\u00e4hr f\u00fcr die\nAktualit\u00e4t, Korrektheit, Vollst\u00e4ndigkeit oder Qualit\u00e4t der bereitgestellten\nInformationen. Haftungsanspr\u00fcche gegen den Autor, welche sich auf Sch\u00e4den\nmaterieller oder ideeller Art beziehen, die durch die Nutzung oder Nichtnutzung\nder dargebotenen Informationen bzw. durch die Nutzung fehlerhafter und\nunvollst\u00e4ndiger Informationen verursacht wurden, sind grunds\u00e4tzlich\nausgeschlossen, sofern seitens des Autors kein nachweislich vors\u00e4tzliches oder\ngrob fahrl\u00e4ssiges Verschulden vorliegt. Alle Angebote sind freibleibend und\nunverbindlich. Der Autor beh\u00e4lt es sich ausdr\u00fccklich vor, Teile der Seiten oder\ndas gesamte Angebot ohne gesonderte Ank\u00fcndigung zu ver\u00e4ndern, zu erg\u00e4nzen, zu\nl\u00f6schen oder die Ver\u00f6ffentlichung zeitweise oder endg\u00fcltig einzustellen.<\/p>\n\n\n\n<p><strong>2. Verweise und Links<\/strong><\/p>\n\n\n\n<p>Bei direkten oder indirekten Verweisen auf fremde\nWebseiten (\u201eHyperlinks\u201c), die au\u00dferhalb des Verantwortungsbereiches des Autors\nliegen, w\u00fcrde eine Haftungsverpflichtung ausschlie\u00dflich in dem Fall in Kraft\ntreten, in dem der Autor von den Inhalten Kenntnis hat und es ihm technisch\nm\u00f6glich und zumutbar w\u00e4re, die Nutzung im Falle rechtswidriger Inhalte zu\nverhindern.<\/p>\n\n\n\n<p>Der Autor erkl\u00e4rt hiermit ausdr\u00fccklich, dass zum\nZeitpunkt der Linksetzung keine illegalen Inhalte auf den zu verlinkenden\nSeiten erkennbar waren. Auf die aktuelle und zuk\u00fcnftige Gestaltung, die Inhalte\noder die Urheberschaft der verlinkten\/verkn\u00fcpften Seiten hat der Autor\nkeinerlei Einfluss. Deshalb distanziert er sich hiermit ausdr\u00fccklich von allen\nInhalten aller verlinkten \/verkn\u00fcpften Seiten, die nach der Linksetzung\nver\u00e4ndert wurden. Diese Feststellung gilt f\u00fcr alle innerhalb des eigenen\nInternetangebotes gesetzten Links und Verweise sowie f\u00fcr Fremdeintr\u00e4ge in vom\nAutor eingerichteten G\u00e4steb\u00fcchern, Diskussionsforen, Linkverzeichnissen,\nMailinglisten und in allen anderen Formen von Datenbanken, auf deren Inhalt\nexterne Schreibzugriffe m\u00f6glich sind. F\u00fcr illegale, fehlerhafte oder\nunvollst\u00e4ndige Inhalte und insbesondere f\u00fcr Sch\u00e4den, die aus der Nutzung oder\nNichtnutzung solcherart dargebotener Informationen entstehen, haftet allein der\nAnbieter der Seite, auf welche verwiesen wurde, nicht derjenige, der \u00fcber Links\nauf die jeweilige Ver\u00f6ffentlichung lediglich verweist.<\/p>\n\n\n\n<p><strong>3. Urheber- und Kennzeichenrecht<\/strong><\/p>\n\n\n\n<p>Der Autor ist bestrebt, in allen Publikationen die\nUrheberrechte der verwendeten Bilder, Grafiken, Tondokumente, Videosequenzen\nund Texte zu beachten, von ihm selbst erstellte Bilder, Grafiken, Tondokumente,\nVideosequenzen und Texte zu nutzen oder auf lizenzfreie Grafiken, Tondokumente,\nVideosequenzen und Texte zur\u00fcckzugreifen.<\/p>\n\n\n\n<p>Alle innerhalb des Internetangebotes genannten und\nggf. durch Dritte gesch\u00fctzten Marken- und Warenzeichen unterliegen\nuneingeschr\u00e4nkt den Bestimmungen des jeweils g\u00fcltigen Kennzeichenrechts und den\nBesitzrechten der jeweiligen eingetragenen Eigent\u00fcmer. Allein aufgrund der\nblo\u00dfen Nennung ist nicht der Schluss zu ziehen, dass Markenzeichen nicht durch\nRechte Dritter gesch\u00fctzt sind!<\/p>\n\n\n\n<p>Das Copyright f\u00fcr ver\u00f6ffentlichte, vom Autor selbst\nerstellte Objekte bleibt allein beim Autor der Seiten. Eine Vervielf\u00e4ltigung\noder Verwendung solcher Grafiken, Tondokumente, Videosequenzen und Texte in\nanderen elektronischen oder gedruckten Publikationen ist ohne ausdr\u00fcckliche\nZustimmung des Autors nicht gestattet.<\/p>\n\n\n\n<p><strong>4. Datenschutz<\/strong><\/p>\n\n\n\n<p>Sofern innerhalb des Internetangebotes die M\u00f6glichkeit\nzur Eingabe pers\u00f6nlicher oder gesch\u00e4ftlicher Daten (Emailadressen, Namen, Anschriften)\nbesteht, so erfolgt die Preisgabe dieser Daten seitens des Nutzers auf\nausdr\u00fccklich freiwilliger Basis. Die Inanspruchnahme und Bezahlung aller\nangebotenen Dienste ist \u2013 soweit technisch m\u00f6glich und zumutbar \u2013 auch ohne\nAngabe solcher Daten bzw. unter Angabe anonymisierter Daten oder eines\nPseudonyms gestattet. Die Nutzung der im Rahmen des Impressums oder\nvergleichbarer Angaben ver\u00f6ffentlichten Kontaktdaten wie Postanschriften,\nTelefon- und Faxnummern sowie Emailadressen durch Dritte zur \u00dcbersendung von\nnicht ausdr\u00fccklich angeforderten Informationen ist nicht gestattet. Rechtliche\nSchritte gegen die Versender von sogenannten Spam-Mails bei Verst\u00f6\u00dfen gegen\ndieses Verbot sind ausdr\u00fccklich vorbehalten.<\/p>\n\n\n\n<p><strong>5. Rechtswirksamkeit dieses Haftungsausschlusses<\/strong><\/p>\n\n\n\n<p>Dieser Haftungsausschluss ist als Teil des\nInternetangebotes zu betrachten, von dem aus auf diese Seite verwiesen wurde.\nSofern Teile oder einzelne Formulierungen dieses Textes der geltenden\nRechtslage nicht, nicht mehr oder nicht vollst\u00e4ndig entsprechen sollten,\nbleiben die \u00fcbrigen Teile des Dokumentes in ihrem Inhalt und ihrer G\u00fcltigkeit\ndavon unber\u00fchrt.<\/p>\n","protected":false},"excerpt":{"rendered":"<p>\u201eChristoph N\u00fcbel \u2013 PR und Redaktion\u201c Christoph N\u00fcbel \u2013 Freier PR-Berater und Online Redakteur Schillerstra\u00dfe 94 76356 Weingarten Tel.: 07244-741467 Mobil: 0178-7668518 E-Mail: cnuebel@nuebel-pr.de Internet: http:\/\/www.nuebel-pr.de\/ Social Media Profile: XING-Profil Facebook Twitter Instagram LinkedIn Steuer-Nr.: 35130\/08994 USt.-ID Nr.: DE268189137 Website-Design \/ Technische Umsetzung: WordPress \/ MAI-ITServices Haftungsausschluss \/ Disclaimer 1. Inhalt des Onlineangebotes Der Autor [&hellip;]<\/p>\n","protected":false},"author":1,"featured_media":0,"parent":0,"menu_order":10,"comment_status":"closed","ping_status":"closed","template":"","meta":[],"_links":{"self":[{"href":"https:\/\/home.nuebel-pr.de\/index.php?rest_route=\/wp\/v2\/pages\/18"}],"collection":[{"href":"https:\/\/home.nuebel-pr.de\/index.php?rest_route=\/wp\/v2\/pages"}],"about":[{"href":"https:\/\/home.nuebel-pr.de\/index.php?rest_route=\/wp\/v2\/types\/page"}],"author":[{"embeddable":true,"href":"https:\/\/home.nuebel-pr.de\/index.php?rest_route=\/wp\/v2\/users\/1"}],"replies":[{"embeddable":true,"href":"https:\/\/home.nuebel-pr.de\/index.php?rest_route=%2Fwp%2Fv2%2Fcomments&post=18"}],"version-history":[{"count":12,"href":"https:\/\/home.nuebel-pr.de\/index.php?rest_route=\/wp\/v2\/pages\/18\/revisions"}],"predecessor-version":[{"id":78,"href":"https:\/\/home.nuebel-pr.de\/index.php?rest_route=\/wp\/v2\/pages\/18\/revisions\/78"}],"wp:attachment":[{"href":"https:\/\/home.nuebel-pr.de\/index.php?rest_route=%2Fwp%2Fv2%2Fmedia&parent=18"}],"curies":[{"name":"wp","href":"https:\/\/api.w.org\/{rel}","templated":true}]}}